{"id":1111,"date":"2023-02-27T10:36:03","date_gmt":"2023-02-27T10:36:03","guid":{"rendered":"https:\/\/atomkrieg-aus-versehen.de\/?page_id=1111"},"modified":"2023-04-24T15:28:05","modified_gmt":"2023-04-24T15:28:05","slug":"tagung-15maerz23","status":"publish","type":"page","link":"https:\/\/atomkrieg-aus-versehen.de\/en\/tagung-15maerz23\/","title":{"rendered":"Atomkriegsrisiko und K\u00fcnstliche Intelligenz"},"content":{"rendered":"\n<p>Vortrags- und Diskussionsveranstaltung,  15.03.2023, 16:30 bis 21:15 Uhr, Trier, Tufa, gro\u00dfer Saal<\/p>\n\n\n\n<p><strong>Berichte zur Veranstaltung:<\/strong><\/p>\n\n\n\n<ul class=\"wp-block-list\">\n<li><a href=\"https:\/\/www.hochschule-trier.de\/hochschule\/aktuelles\/news-und-pressemitteilungen\/news-detail\/atomkriegsrisiko-und-kuenstliche-intelligenz\">Hochschule Trier<\/a><\/li>\n\n\n\n<li>AG Frieden Trier: <a href=\"https:\/\/www.agf-trier.de\/aktuelles\/neuigkeiten\/aufzeichnungen-der-veranstaltung-atomkriegsrisiko-und-kuenstliche-intelligenz\/\">Hinweis<\/a>, <a href=\"https:\/\/www.agf-trier.de\/aktuelles\/neuigkeiten\/noch-schnell-ein-apfelbaeumchen-pflanzen-forum-atomkriegsgefahr-und-kuenstliche-intelligenz-in-der-tufa\/\">Bericht<\/a><\/li>\n<\/ul>\n\n\n\n<p><strong>Die Veranstaltung wurde vom <a href=\"http:\/\/OK54.de\">OK54.de<\/a> aufgezeichnet<\/strong>: <a href=\"https:\/\/ok54.de\/archiv\/9051\">Atomkriegsrisiko und K\u00fcnstliche Intelligenz &#8211; OK54<\/a><\/p>\n\n\n\n<p>Links zu den einzelnen vom OK54 bereitgestellten Beitr\u00e4ge (Reihenfolge wie in der Veranstaltung):<\/p>\n\n\n\n<ul class=\"wp-block-list\">\n<li><a href=\"http:\/\/www.youtube.com\/watch?v=2nhmxWcvL-o\">Gru\u00dfworte von Claudia Hornig, Kanzlerin der Hochschule Trier und Dr. Matthias Schwalbach, Gesch\u00e4ftsf\u00fchrer der Handwerkskammer Trier und 1. Vorsitzender des F\u00f6rderkreises der Hochschule Trier<\/a> (10:50)<\/li>\n\n\n\n<li><a href=\"https:\/\/www.youtube.com\/watch?v=YESypkKiPFM\">Vortrag Prof. Dr. J\u00f6rg Siekmann<\/a> (24:03)<\/li>\n\n\n\n<li><a href=\"https:\/\/www.youtube.com\/watch?v=RWqLfSXeIHM\">Vortrag Prof. Dr. Karl Hans Bl\u00e4sius<\/a> (19:37), <a href=\"https:\/\/www.youtube.com\/watch?v=TIDRu8IJ0Z4\">neue Version mit Folieneinblendungen<\/a><\/li>\n\n\n\n<li><a href=\"https:\/\/www.youtube.com\/watch?v=FGn71HWM_mI\">Vortrag Brigadegeneral a.D. Reiner Schwalb<\/a> (31:26)<\/li>\n\n\n\n<li><a href=\"https:\/\/www.youtube.com\/watch?v=CR0rZWwRZ2c\">Vortrag Oberst a.D. Wolfgang Richter<\/a> (38:39)<\/li>\n\n\n\n<li><a href=\"https:\/\/www.youtube.com\/watch?v=1lEyA_vAJ1o\">Podiumsdiskussion<\/a> (1:03:38)<\/li>\n<\/ul>\n\n\n\n<p>   <\/p>\n\n\n\n<p><strong>Ank\u00fcndigung der Veranstaltung:<\/strong><\/p>\n\n\n\n<p> <a href=\"http:\/\/fwes.info\/TUFA-2023-03-15.pdf\">Flyer<\/a> (PDF, 2 Seiten)<\/p>\n\n\n\n<p>Gru\u00dfworte:<\/p>\n\n\n\n<ul class=\"wp-block-list\">\n<li>Claudia Hornig, Kanzlerin der Hochschule Trier<\/li>\n\n\n\n<li>Dr. Matthias Schwalbach, Gesch\u00e4ftsf\u00fchrer der Handwerkskammer Trier und 1. Vorsitzender des F\u00f6rderkreises der Hochschule Trier<\/li>\n<\/ul>\n\n\n\n<p>Vortragende:<\/p>\n\n\n\n<ul class=\"wp-block-list\">\n<li>Prof. Dr. J\u00f6rg Siekmann<\/li>\n\n\n\n<li>Prof. Dr. Karl Hans Bl\u00e4sius<\/li>\n\n\n\n<li>Brigadegeneral a.D. Reiner Schwalb<\/li>\n\n\n\n<li>Oberst a.D. Wolfgang Richter<\/li>\n<\/ul>\n\n\n\n<p>Veranstalter und Unterst\u00fctzer: <\/p>\n\n\n\n<ul class=\"wp-block-list\">\n<li><a href=\"https:\/\/www.agf-trier.de\/\">AG Frieden Trier<\/a><\/li>\n\n\n\n<li><a href=\"https:\/\/www.hochschule-trier.de\/hochschule\/organisation\/netzwerk\/foerderkreis-der-hochschule-trier-ev\">F\u00f6rderkreis der Hochschule Trier<\/a><\/li>\n\n\n\n<li><a href=\"https:\/\/www.keb-trier.de\/\">Katholische Erwachsenenbildung Trier<\/a><\/li>\n\n\n\n<li><a href=\"https:\/\/www.wissenschaftsallianz-trier.de\/home\">Wissenschaftsallianz Trier<\/a><\/li>\n<\/ul>\n\n\n\n<p><\/p>\n\n\n\n<p>Weitere Informationen: <\/p>\n\n\n\n<p>Die Veranstaltung richtet sich an alle. Zum Verst\u00e4ndnis sind keine speziellen Vorkenntnisse erforderlich. Der Eintritt ist frei.<\/p>\n\n\n\n<p>Moderation Gru\u00dfworte und Vortr\u00e4ge: Katharina Dietze (AG Frieden Trier)<\/p>\n\n\n\n<p>Moderation Podiumsdiskussion: \u00a0Dr. Asadeh Ansari-Bodewein (Wissenschaftsallianz, Uni Trier), Katharina Zey-Wortmann (Katholische Erwachsenenbildung Trier)<\/p>\n\n\n\n<p><a href=\"https:\/\/atomkrieg-aus-versehen.de\/akr-ki-trier-15-03-23-vortragstitel\/\">Vortragstitel und Hinweise zu den Vortragsinhalten<\/a><\/p>\n\n\n\n<p><a href=\"https:\/\/atomkrieg-aus-versehen.de\/akr-ki-trier-15-03-23-vortragende\/\">Hinweise zu den Vortragenden<\/a><\/p>\n","protected":false},"excerpt":{"rendered":"<p>Vortrags- und Diskussionsveranstaltung, 15.03.2023, 16:30 bis 21:15 Uhr, Trier, Tufa, gro\u00dfer Saal Berichte zur Veranstaltung: Die Veranstaltung wurde vom OK54.de aufgezeichnet: Atomkriegsrisiko und K\u00fcnstliche Intelligenz &#8211; OK54 Links zu den einzelnen vom OK54 bereitgestellten Beitr\u00e4ge (Reihenfolge wie in der Veranstaltung): Ank\u00fcndigung der Veranstaltung: Flyer (PDF, 2 Seiten) Gru\u00dfworte: Vortragende: Veranstalter und Unterst\u00fctzer: Weitere Informationen: Die &hellip; <\/p>\n<p class=\"link-more\"><a href=\"https:\/\/atomkrieg-aus-versehen.de\/en\/tagung-15maerz23\/\" class=\"more-link\">Continue reading<span class=\"screen-reader-text\"> &#8220;Atomkriegsrisiko und K\u00fcnstliche Intelligenz&#8221;<\/span><\/a><\/p>\n","protected":false},"author":1,"featured_media":0,"parent":0,"menu_order":0,"comment_status":"closed","ping_status":"closed","template":"","meta":{"footnotes":""},"class_list":["post-1111","page","type-page","status-publish","hentry"],"translation":{"provider":"WPGlobus","version":"3.0.0","language":"en","enabled_languages":["de","en"],"languages":{"de":{"title":true,"content":true,"excerpt":false},"en":{"title":false,"content":false,"excerpt":false}}},"_links":{"self":[{"href":"https:\/\/atomkrieg-aus-versehen.de\/en\/wp-json\/wp\/v2\/pages\/1111","targetHints":{"allow":["GET"]}}],"collection":[{"href":"https:\/\/atomkrieg-aus-versehen.de\/en\/wp-json\/wp\/v2\/pages"}],"about":[{"href":"https:\/\/atomkrieg-aus-versehen.de\/en\/wp-json\/wp\/v2\/types\/page"}],"author":[{"embeddable":true,"href":"https:\/\/atomkrieg-aus-versehen.de\/en\/wp-json\/wp\/v2\/users\/1"}],"replies":[{"embeddable":true,"href":"https:\/\/atomkrieg-aus-versehen.de\/en\/wp-json\/wp\/v2\/comments?post=1111"}],"version-history":[{"count":21,"href":"https:\/\/atomkrieg-aus-versehen.de\/en\/wp-json\/wp\/v2\/pages\/1111\/revisions"}],"predecessor-version":[{"id":1178,"href":"https:\/\/atomkrieg-aus-versehen.de\/en\/wp-json\/wp\/v2\/pages\/1111\/revisions\/1178"}],"wp:attachment":[{"href":"https:\/\/atomkrieg-aus-versehen.de\/en\/wp-json\/wp\/v2\/media?parent=1111"}],"curies":[{"name":"wp","href":"https:\/\/api.w.org\/{rel}","templated":true}]}}